{"id":25,"date":"2017-11-04T07:48:05","date_gmt":"2017-11-04T07:48:05","guid":{"rendered":"http:\/\/kunst.stiftkeppel.de\/?page_id=25"},"modified":"2017-11-04T07:54:20","modified_gmt":"2017-11-04T07:54:20","slug":"unser-konzept","status":"publish","type":"page","link":"http:\/\/kunst.stiftkeppel.de\/?page_id=25","title":{"rendered":"Konzept"},"content":{"rendered":"<p><b style=\"font-size: medium;\">Zielperspektive unseres Kunstunterrichts ist, die Konzepte der Bildorientierung und K\u00fcnstlerischen Bildung, bzw. \u00e4sthetischen Forschung wirkungsvoll und sinnvoll einzusetzen. Das hei\u00dft, Kernkompetenzen der Kreativit\u00e4t wie Neugier, Erfindungsgabe, das individuelle Querdenken, den Perspektivwechsel, Flexibilit\u00e4t der Ideen, sowie Originalit\u00e4t zu f\u00f6rdern und zu fordern. Hierbei sollen vornehmlich die Erfahrungsprozesse des Wahrnehmens, Handelns und Denkens der Kinder und Jugendlichen sensibilisiert werden, welche sie bei ihren individuellen L\u00f6sungswegen, bildnerischen Ausdrucksm\u00f6glichkeiten und ihrer Pers\u00f6nlichkeitsentwicklung unterst\u00fctzen.<\/b><\/p>\n","protected":false},"excerpt":{"rendered":"<p>Zielperspektive unseres Kunstunterrichts ist, die Konzepte der Bildorientierung und K\u00fcnstlerischen Bildung, bzw. \u00e4sthetischen Forschung wirkungsvoll und sinnvoll einzusetzen. Das hei\u00dft, Kernkompetenzen der Kreativit\u00e4t wie Neugier, Erfindungsgabe, das individuelle Querdenken, den Perspektivwechsel, Flexibilit\u00e4t der Ideen, sowie Originalit\u00e4t zu f\u00f6rdern und zu fordern. Hierbei sollen vornehmlich die Erfahrungsprozesse des Wahrnehmens, Handelns und Denkens der Kinder und Jugendlichen &#8230; <span class=\"more\"><a class=\"more-link\" href=\"http:\/\/kunst.stiftkeppel.de\/?page_id=25\">[Weiterlesen&#8230;]<\/a><\/span><\/p>\n","protected":false},"author":2,"featured_media":0,"parent":0,"menu_order":0,"comment_status":"closed","ping_status":"closed","template":"","meta":{"footnotes":""},"class_list":["entry","page","publish","author-dei","post-25"],"_links":{"self":[{"href":"http:\/\/kunst.stiftkeppel.de\/index.php?rest_route=\/wp\/v2\/pages\/25","targetHints":{"allow":["GET"]}}],"collection":[{"href":"http:\/\/kunst.stiftkeppel.de\/index.php?rest_route=\/wp\/v2\/pages"}],"about":[{"href":"http:\/\/kunst.stiftkeppel.de\/index.php?rest_route=\/wp\/v2\/types\/page"}],"author":[{"embeddable":true,"href":"http:\/\/kunst.stiftkeppel.de\/index.php?rest_route=\/wp\/v2\/users\/2"}],"replies":[{"embeddable":true,"href":"http:\/\/kunst.stiftkeppel.de\/index.php?rest_route=%2Fwp%2Fv2%2Fcomments&post=25"}],"version-history":[{"count":2,"href":"http:\/\/kunst.stiftkeppel.de\/index.php?rest_route=\/wp\/v2\/pages\/25\/revisions"}],"predecessor-version":[{"id":30,"href":"http:\/\/kunst.stiftkeppel.de\/index.php?rest_route=\/wp\/v2\/pages\/25\/revisions\/30"}],"wp:attachment":[{"href":"http:\/\/kunst.stiftkeppel.de\/index.php?rest_route=%2Fwp%2Fv2%2Fmedia&parent=25"}],"curies":[{"name":"wp","href":"https:\/\/api.w.org\/{rel}","templated":true}]}}